{"id":744,"date":"2019-05-15T16:42:29","date_gmt":"2019-05-15T14:42:29","guid":{"rendered":"http:\/\/llangardaix.gg02echo.net\/llangardaix\/serenalla\/?page_id=744"},"modified":"2020-05-17T09:49:28","modified_gmt":"2020-05-17T07:49:28","slug":"sant-jordi","status":"publish","type":"page","link":"https:\/\/llangardaix.gg02echo.net\/llangardaix\/serenalla\/?page_id=744","title":{"rendered":"Sant Jordi"},"content":{"rendered":"<div id=\"pl-744\"  class=\"panel-layout\" ><div id=\"pg-744-0\"  class=\"panel-grid panel-no-style\" ><div id=\"pgc-744-0-0\"  class=\"panel-grid-cell\" ><div id=\"panel-744-0-0-0\" class=\"so-panel widget widget_sow-editor panel-first-child panel-last-child\" data-index=\"0\" ><div class=\"so-widget-sow-editor so-widget-sow-editor-base\">\n<div class=\"siteorigin-widget-tinymce textwidget\">\n\t<h2>La Sargantana Ib\u00e8rica #serenalla \"Hello Earth!\"<\/h2>\n<p>N\u00famero especial Sant Jordi anyal des de 2008<\/p>\n<p>A la primavera La Sargantana Ib\u00e8rica #serenalla i el segell de poesia Jevkubie s'associen per editar un recull de 12 poemes.<\/p>\n<p><img loading=\"lazy\" decoding=\"async\" class=\"alignnone wp-image-578 size-full\" src=\"http:\/\/llangardaix.gg02echo.net\/llangardaix\/serenalla\/wp-content\/uploads\/2018\/07\/home-banner_2016.jpg\" alt=\"La Sargantana Ib\u00e8rica #serenalla Sant Jordi\" width=\"880\" height=\"331\" srcset=\"https:\/\/llangardaix.gg02echo.net\/llangardaix\/serenalla\/wp-content\/uploads\/2018\/07\/home-banner_2016.jpg 880w, https:\/\/llangardaix.gg02echo.net\/llangardaix\/serenalla\/wp-content\/uploads\/2018\/07\/home-banner_2016-300x113.jpg 300w, https:\/\/llangardaix.gg02echo.net\/llangardaix\/serenalla\/wp-content\/uploads\/2018\/07\/home-banner_2016-768x289.jpg 768w, https:\/\/llangardaix.gg02echo.net\/llangardaix\/serenalla\/wp-content\/uploads\/2018\/07\/home-banner_2016-150x56.jpg 150w\" sizes=\"(max-width: 880px) 100vw, 880px\" \/><\/p>\n<\/div>\n<\/div><\/div><\/div><\/div><div id=\"pg-744-1\"  class=\"panel-grid panel-no-style\" ><div id=\"pgc-744-1-0\"  class=\"panel-grid-cell\" ><div id=\"panel-744-1-0-0\" class=\"so-panel widget widget_sow-editor panel-first-child panel-last-child\" data-index=\"1\" ><div class=\"so-widget-sow-editor so-widget-sow-editor-base\">\n<div class=\"siteorigin-widget-tinymce textwidget\">\n\t<h2>12 Poemes<\/h2>\n<\/div>\n<\/div><\/div><\/div><\/div><div id=\"pg-744-2\"  class=\"panel-grid panel-no-style\" ><div id=\"pgc-744-2-0\"  class=\"panel-grid-cell\" ><div id=\"panel-744-2-0-0\" class=\"so-panel widget widget_sow-editor panel-first-child panel-last-child\" data-index=\"2\" ><div class=\"so-widget-sow-editor so-widget-sow-editor-base\">\n<div class=\"siteorigin-widget-tinymce textwidget\">\n\t<p><a href=\"https:\/\/www.bookrix.com\/_ebook-3-grosella-i-grandalla-dotze-poemes-vol-10\/\" target=\"_blank\" rel=\"noopener\"><img loading=\"lazy\" decoding=\"async\" class=\"alignnone wp-image-868 size-full\" src=\"http:\/\/llangardaix.gg02echo.net\/llangardaix\/serenalla\/wp-content\/uploads\/2020\/05\/coverpic3d.png\" alt=\"12 poemes Vol.10 cover\" width=\"126\" height=\"152\" srcset=\"https:\/\/llangardaix.gg02echo.net\/llangardaix\/serenalla\/wp-content\/uploads\/2020\/05\/coverpic3d.png 126w, https:\/\/llangardaix.gg02echo.net\/llangardaix\/serenalla\/wp-content\/uploads\/2020\/05\/coverpic3d-124x150.png 124w\" sizes=\"(max-width: 126px) 100vw, 126px\" \/><\/a><\/p>\n<p>12 poemes Vol.10 2020<br \/>\n\"<em>especial 10\u00e8 aniversari<\/em>\"<\/p>\n<\/div>\n<\/div><\/div><\/div><div id=\"pgc-744-2-1\"  class=\"panel-grid-cell\" ><div id=\"panel-744-2-1-0\" class=\"so-panel widget widget_sow-editor panel-first-child panel-last-child\" data-index=\"3\" ><div class=\"so-widget-sow-editor so-widget-sow-editor-base\">\n<div class=\"siteorigin-widget-tinymce textwidget\">\n\t<div class=\"su-youtube su-u-responsive-media-yes\"><iframe loading=\"lazy\" width=\"600\" height=\"400\" src=\"https:\/\/www.youtube.com\/embed\/Qmu8DWNP3Zc?\" frameborder=\"0\" allowfullscreen allow=\"autoplay; encrypted-media; picture-in-picture\" title=\"12 Poemes Vol.10 &#039;10\u00e8 aniversari&#039;\"><\/iframe><\/div>\n<\/div>\n<\/div><\/div><\/div><\/div><div id=\"pg-744-3\"  class=\"panel-grid panel-no-style\" ><div id=\"pgc-744-3-0\"  class=\"panel-grid-cell\" ><div id=\"panel-744-3-0-0\" class=\"so-panel widget widget_sow-editor panel-first-child panel-last-child\" data-index=\"4\" ><div class=\"so-widget-sow-editor so-widget-sow-editor-base\">\n<div class=\"siteorigin-widget-tinymce textwidget\">\n\t<p><a href=\"https:\/\/www.bookrix.com\/_ebook-grosella-i-grandalla-edicions-12-poemes-vol-09\/\" target=\"_blank\" rel=\"noopener\"><img loading=\"lazy\" decoding=\"async\" class=\"alignnone size-full wp-image-747\" src=\"http:\/\/llangardaix.gg02echo.net\/llangardaix\/serenalla\/wp-content\/uploads\/2019\/05\/12poemes-vol09-thumb.png\" alt=\"12 poemes volume 9 cover 2019\" width=\"126\" height=\"152\" srcset=\"https:\/\/llangardaix.gg02echo.net\/llangardaix\/serenalla\/wp-content\/uploads\/2019\/05\/12poemes-vol09-thumb.png 126w, https:\/\/llangardaix.gg02echo.net\/llangardaix\/serenalla\/wp-content\/uploads\/2019\/05\/12poemes-vol09-thumb-124x150.png 124w\" sizes=\"(max-width: 126px) 100vw, 126px\" \/><\/a><\/p>\n<p>12 poemes Vol.9 2019<br \/>\n\"<em>Polis<\/em>\"<\/p>\n<\/div>\n<\/div><\/div><\/div><div id=\"pgc-744-3-1\"  class=\"panel-grid-cell\" ><div id=\"panel-744-3-1-0\" class=\"so-panel widget widget_sow-editor panel-first-child panel-last-child\" data-index=\"5\" ><div class=\"so-widget-sow-editor so-widget-sow-editor-base\">\n<div class=\"siteorigin-widget-tinymce textwidget\">\n\t<p><a href=\"https:\/\/www.bookrix.com\/_ebook-grosella-i-grandalla-3-dotze-poemes-vol-08\/\" target=\"_blank\" rel=\"noopener\"><img loading=\"lazy\" decoding=\"async\" class=\"alignnone size-full wp-image-749\" src=\"http:\/\/llangardaix.gg02echo.net\/llangardaix\/serenalla\/wp-content\/uploads\/2019\/05\/12poemes-vol08-thumb.png\" alt=\"\" width=\"126\" height=\"152\" srcset=\"https:\/\/llangardaix.gg02echo.net\/llangardaix\/serenalla\/wp-content\/uploads\/2019\/05\/12poemes-vol08-thumb.png 126w, https:\/\/llangardaix.gg02echo.net\/llangardaix\/serenalla\/wp-content\/uploads\/2019\/05\/12poemes-vol08-thumb-124x150.png 124w\" sizes=\"(max-width: 126px) 100vw, 126px\" \/><\/a><\/p>\n<p>12 Poemes Vol.08 2018<br \/>\n\"<em>Animals<\/em>\"<\/p>\n<\/div>\n<\/div><\/div><\/div><div id=\"pgc-744-3-2\"  class=\"panel-grid-cell\" ><div id=\"panel-744-3-2-0\" class=\"so-panel widget widget_sow-editor panel-first-child panel-last-child\" data-index=\"6\" ><div class=\"so-widget-sow-editor so-widget-sow-editor-base\">\n<div class=\"siteorigin-widget-tinymce textwidget\">\n\t<p><a href=\"https:\/\/www.bookrix.com\/_ebook-grosella-i-grandalla-3-dotze-poemes-vol-7\/\" target=\"_blank\" rel=\"noopener\"><img loading=\"lazy\" decoding=\"async\" class=\"alignnone size-full wp-image-750\" src=\"http:\/\/llangardaix.gg02echo.net\/llangardaix\/serenalla\/wp-content\/uploads\/2019\/05\/12poemes-vol07-thumb.png\" alt=\"12 Poemes Vol 7 cover 2017\" width=\"126\" height=\"152\" srcset=\"https:\/\/llangardaix.gg02echo.net\/llangardaix\/serenalla\/wp-content\/uploads\/2019\/05\/12poemes-vol07-thumb.png 126w, https:\/\/llangardaix.gg02echo.net\/llangardaix\/serenalla\/wp-content\/uploads\/2019\/05\/12poemes-vol07-thumb-124x150.png 124w\" sizes=\"(max-width: 126px) 100vw, 126px\" \/><\/a><\/p>\n<p>12 Poemes Vol.07 2017<br \/>\n\"<em>Flors<\/em>\"<\/p>\n<\/div>\n<\/div><\/div><\/div><div id=\"pgc-744-3-3\"  class=\"panel-grid-cell\" ><div id=\"panel-744-3-3-0\" class=\"so-panel widget widget_sow-editor panel-first-child panel-last-child\" data-index=\"7\" ><div class=\"so-widget-sow-editor so-widget-sow-editor-base\">\n<div class=\"siteorigin-widget-tinymce textwidget\">\n\t<p><a href=\"https:\/\/www.bookrix.com\/_ebook-3-grosella-i-grandalla-dotze-poemes-vol-6\/\" target=\"_blank\" rel=\"noopener\"><img loading=\"lazy\" decoding=\"async\" class=\"alignnone size-full wp-image-752\" src=\"http:\/\/llangardaix.gg02echo.net\/llangardaix\/serenalla\/wp-content\/uploads\/2019\/05\/12poemes-vol06-thumb.png\" alt=\"12 Poemes Vol 6 cover 2016\" width=\"126\" height=\"152\" srcset=\"https:\/\/llangardaix.gg02echo.net\/llangardaix\/serenalla\/wp-content\/uploads\/2019\/05\/12poemes-vol06-thumb.png 126w, https:\/\/llangardaix.gg02echo.net\/llangardaix\/serenalla\/wp-content\/uploads\/2019\/05\/12poemes-vol06-thumb-124x150.png 124w\" sizes=\"(max-width: 126px) 100vw, 126px\" \/><\/a><\/p>\n<p>12 Poemes Vol. 6 2016<br \/>\n\"<em>Ci\u00e8ncies<\/em>\"<\/p>\n<\/div>\n<\/div><\/div><\/div><\/div><div id=\"pg-744-4\"  class=\"panel-grid panel-no-style\" ><div id=\"pgc-744-4-0\"  class=\"panel-grid-cell\" ><div id=\"panel-744-4-0-0\" class=\"so-panel widget widget_sow-editor panel-first-child panel-last-child\" data-index=\"8\" ><div class=\"so-widget-sow-editor so-widget-sow-editor-base\">\n<div class=\"siteorigin-widget-tinymce textwidget\">\n\t<p><a href=\"https:\/\/www.bookrix.com\/_ebook-grosella-i-grandalla-edicions-dotze-poemes-vol-5\/\" target=\"_blank\" rel=\"noopener\"><img loading=\"lazy\" decoding=\"async\" class=\"alignnone size-full wp-image-754\" src=\"http:\/\/llangardaix.gg02echo.net\/llangardaix\/serenalla\/wp-content\/uploads\/2019\/05\/12poemes-vol05-thumb.png\" alt=\"12 Poemes vol. 5 Cover 2015\" width=\"126\" height=\"152\" srcset=\"https:\/\/llangardaix.gg02echo.net\/llangardaix\/serenalla\/wp-content\/uploads\/2019\/05\/12poemes-vol05-thumb.png 126w, https:\/\/llangardaix.gg02echo.net\/llangardaix\/serenalla\/wp-content\/uploads\/2019\/05\/12poemes-vol05-thumb-124x150.png 124w\" sizes=\"(max-width: 126px) 100vw, 126px\" \/><\/a><\/p>\n<p>12 poemes Vol.05 2015<\/p>\n<\/div>\n<\/div><\/div><\/div><div id=\"pgc-744-4-1\"  class=\"panel-grid-cell\" ><div id=\"panel-744-4-1-0\" class=\"so-panel widget widget_sow-editor panel-first-child panel-last-child\" data-index=\"9\" ><div class=\"so-widget-sow-editor so-widget-sow-editor-base\">\n<div class=\"siteorigin-widget-tinymce textwidget\">\n\t<p><a href=\"https:\/\/www.bookrix.com\/_ebook-collective-dotze-poemes-vol-4\/\" target=\"_blank\" rel=\"noopener\"><img loading=\"lazy\" decoding=\"async\" class=\"alignnone size-full wp-image-755\" src=\"http:\/\/llangardaix.gg02echo.net\/llangardaix\/serenalla\/wp-content\/uploads\/2019\/05\/12poemes-vol04-thumb.png\" alt=\"12 Poemes Vol. 4 Cover 2014\" width=\"126\" height=\"152\" srcset=\"https:\/\/llangardaix.gg02echo.net\/llangardaix\/serenalla\/wp-content\/uploads\/2019\/05\/12poemes-vol04-thumb.png 126w, https:\/\/llangardaix.gg02echo.net\/llangardaix\/serenalla\/wp-content\/uploads\/2019\/05\/12poemes-vol04-thumb-124x150.png 124w\" sizes=\"(max-width: 126px) 100vw, 126px\" \/><\/a><\/p>\n<p>12 Poemes Vol. 4 2014<\/p>\n<\/div>\n<\/div><\/div><\/div><div id=\"pgc-744-4-2\"  class=\"panel-grid-cell\" ><div id=\"panel-744-4-2-0\" class=\"so-panel widget widget_sow-editor panel-first-child panel-last-child\" data-index=\"10\" ><div class=\"so-widget-sow-editor so-widget-sow-editor-base\">\n<div class=\"siteorigin-widget-tinymce textwidget\">\n\t<p><a href=\"https:\/\/www.bookrix.com\/_ebook-3-poetry-label-collective-dotze-poemes-vol-3\/\" target=\"_blank\" rel=\"noopener\"><img loading=\"lazy\" decoding=\"async\" class=\"alignnone size-full wp-image-757\" src=\"http:\/\/llangardaix.gg02echo.net\/llangardaix\/serenalla\/wp-content\/uploads\/2019\/05\/12poemes-vol03-thumb.png\" alt=\"12 Poemes Vol. 3 Cover 2013\" width=\"126\" height=\"152\" srcset=\"https:\/\/llangardaix.gg02echo.net\/llangardaix\/serenalla\/wp-content\/uploads\/2019\/05\/12poemes-vol03-thumb.png 126w, https:\/\/llangardaix.gg02echo.net\/llangardaix\/serenalla\/wp-content\/uploads\/2019\/05\/12poemes-vol03-thumb-124x150.png 124w\" sizes=\"(max-width: 126px) 100vw, 126px\" \/><\/a><\/p>\n<p>12 Poemes Vol. 3 2013<\/p>\n<\/div>\n<\/div><\/div><\/div><div id=\"pgc-744-4-3\"  class=\"panel-grid-cell\" ><div id=\"panel-744-4-3-0\" class=\"so-panel widget widget_sow-editor panel-first-child panel-last-child\" data-index=\"11\" ><div class=\"so-widget-sow-editor so-widget-sow-editor-base\">\n<div class=\"siteorigin-widget-tinymce textwidget\">\n\t<p><a href=\"https:\/\/www.bookrix.com\/_ebook-1046-collective-dotze-poemes-vol-2\/\" target=\"_blank\" rel=\"noopener\"><img loading=\"lazy\" decoding=\"async\" class=\"alignnone size-full wp-image-759\" src=\"http:\/\/llangardaix.gg02echo.net\/llangardaix\/serenalla\/wp-content\/uploads\/2019\/05\/12poemes-vol02-thumb.png\" alt=\"12 Poemes Vol. 2 Cover 2012\" width=\"126\" height=\"152\" srcset=\"https:\/\/llangardaix.gg02echo.net\/llangardaix\/serenalla\/wp-content\/uploads\/2019\/05\/12poemes-vol02-thumb.png 126w, https:\/\/llangardaix.gg02echo.net\/llangardaix\/serenalla\/wp-content\/uploads\/2019\/05\/12poemes-vol02-thumb-124x150.png 124w\" sizes=\"(max-width: 126px) 100vw, 126px\" \/><\/a><\/p>\n<p>12 Poemes Vol. 2 2012<\/p>\n<\/div>\n<\/div><\/div><\/div><\/div><div id=\"pg-744-5\"  class=\"panel-grid panel-no-style\" ><div id=\"pgc-744-5-0\"  class=\"panel-grid-cell\" ><div id=\"panel-744-5-0-0\" class=\"so-panel widget widget_sow-editor panel-first-child panel-last-child\" data-index=\"12\" ><div class=\"so-widget-sow-editor so-widget-sow-editor-base\">\n<div class=\"siteorigin-widget-tinymce textwidget\">\n\t<p><a href=\"https:\/\/www.bookrix.com\/_ebook-1046-collective-dotze-poemes-vol-1\/\" target=\"_blank\" rel=\"noopener\"><img loading=\"lazy\" decoding=\"async\" class=\"alignnone size-full wp-image-760\" src=\"http:\/\/llangardaix.gg02echo.net\/llangardaix\/serenalla\/wp-content\/uploads\/2019\/05\/12poemes-vol01-thumb.png\" alt=\"12 Poemes Vol. 1 Cover 2011\" width=\"126\" height=\"152\" srcset=\"https:\/\/llangardaix.gg02echo.net\/llangardaix\/serenalla\/wp-content\/uploads\/2019\/05\/12poemes-vol01-thumb.png 126w, https:\/\/llangardaix.gg02echo.net\/llangardaix\/serenalla\/wp-content\/uploads\/2019\/05\/12poemes-vol01-thumb-124x150.png 124w\" sizes=\"(max-width: 126px) 100vw, 126px\" \/><\/a><\/p>\n<p>12 poemes Vol. 1 2011<\/p>\n<\/div>\n<\/div><\/div><\/div><div id=\"pgc-744-5-1\"  class=\"panel-grid-cell panel-grid-cell-empty\" ><\/div><div id=\"pgc-744-5-2\"  class=\"panel-grid-cell panel-grid-cell-empty panel-grid-cell-mobile-last\" ><\/div><div id=\"pgc-744-5-3\"  class=\"panel-grid-cell panel-grid-cell-empty\" ><\/div><\/div><\/div>","protected":false},"excerpt":{"rendered":"<p>La Sargantana Ib\u00e8rica #serenalla &#8220;Hello Earth!&#8221; N\u00famero especial Sant Jordi anyal des de 2008 A la primavera La Sargantana Ib\u00e8rica #serenalla i el segell de poesia Jevkubie s&#8217;associen per editar un recull de 12 poemes. 12 Poemes <a class=\"continue-reading-link\" href=\"https:\/\/llangardaix.gg02echo.net\/llangardaix\/serenalla\/?page_id=744\">Llegir m\u00e9s&#8230;<\/a><\/p>\n","protected":false},"author":1,"featured_media":0,"parent":502,"menu_order":0,"comment_status":"closed","ping_status":"closed","template":"","meta":{"footnotes":""},"_links":{"self":[{"href":"https:\/\/llangardaix.gg02echo.net\/llangardaix\/serenalla\/index.php?rest_route=\/wp\/v2\/pages\/744"}],"collection":[{"href":"https:\/\/llangardaix.gg02echo.net\/llangardaix\/serenalla\/index.php?rest_route=\/wp\/v2\/pages"}],"about":[{"href":"https:\/\/llangardaix.gg02echo.net\/llangardaix\/serenalla\/index.php?rest_route=\/wp\/v2\/types\/page"}],"author":[{"embeddable":true,"href":"https:\/\/llangardaix.gg02echo.net\/llangardaix\/serenalla\/index.php?rest_route=\/wp\/v2\/users\/1"}],"replies":[{"embeddable":true,"href":"https:\/\/llangardaix.gg02echo.net\/llangardaix\/serenalla\/index.php?rest_route=%2Fwp%2Fv2%2Fcomments&post=744"}],"version-history":[{"count":18,"href":"https:\/\/llangardaix.gg02echo.net\/llangardaix\/serenalla\/index.php?rest_route=\/wp\/v2\/pages\/744\/revisions"}],"predecessor-version":[{"id":870,"href":"https:\/\/llangardaix.gg02echo.net\/llangardaix\/serenalla\/index.php?rest_route=\/wp\/v2\/pages\/744\/revisions\/870"}],"up":[{"embeddable":true,"href":"https:\/\/llangardaix.gg02echo.net\/llangardaix\/serenalla\/index.php?rest_route=\/wp\/v2\/pages\/502"}],"wp:attachment":[{"href":"https:\/\/llangardaix.gg02echo.net\/llangardaix\/serenalla\/index.php?rest_route=%2Fwp%2Fv2%2Fmedia&parent=744"}],"curies":[{"name":"wp","href":"https:\/\/api.w.org\/{rel}","templated":true}]}}