{"id":821,"date":"2019-08-13T10:04:53","date_gmt":"2019-08-13T08:04:53","guid":{"rendered":"http:\/\/llangardaix.gg02echo.net\/llangardaix\/serenalla\/?page_id=821"},"modified":"2019-08-13T11:07:19","modified_gmt":"2019-08-13T09:07:19","slug":"calendari-lsi","status":"publish","type":"page","link":"https:\/\/llangardaix.gg02echo.net\/llangardaix\/serenalla\/?page_id=821","title":{"rendered":"Calendari LSI"},"content":{"rendered":"<div id=\"pl-821\"  class=\"panel-layout\" ><div id=\"pg-821-0\"  class=\"panel-grid panel-no-style\" ><div id=\"pgc-821-0-0\"  class=\"panel-grid-cell\" ><div id=\"panel-821-0-0-0\" class=\"so-panel widget widget_sow-editor panel-first-child\" data-index=\"0\" ><div class=\"so-widget-sow-editor so-widget-sow-editor-base\"><h3 class=\"widget-title\">Tardor<\/h3>\n<div class=\"siteorigin-widget-tinymce textwidget\">\n\t<p>31 d'Octubre (lluna plena d'octubre) Sam'ha\u00efn (nou any c\u00e8ltic, Halloween)<br \/>\n1 de Novembre Tots Sants, Festa de la Mort<br \/>\n13 de Desembre - Santa Ll\u00facia, festa de la llum<\/p>\n<\/div>\n<\/div><\/div><div id=\"panel-821-0-0-1\" class=\"so-panel widget widget_sow-editor\" data-index=\"1\" ><div class=\"so-widget-sow-editor so-widget-sow-editor-base\"><h3 class=\"widget-title\">Hivern<\/h3>\n<div class=\"siteorigin-widget-tinymce textwidget\">\n\t<p>20 de Desembre - Solstici d'hivern<\/p>\n<p>6 de Gener - Reigs magos\/ epif\u00e0nia<\/p>\n<\/div>\n<\/div><\/div><div id=\"panel-821-0-0-2\" class=\"so-panel widget widget_sow-editor\" data-index=\"2\" ><div class=\"so-widget-sow-editor so-widget-sow-editor-base\"><h3 class=\"widget-title\">Primavera<\/h3>\n<div class=\"siteorigin-widget-tinymce textwidget\">\n\t<p>21 d'Abril - Equinocci de Primavera<\/p>\n<\/div>\n<\/div><\/div><div id=\"panel-821-0-0-3\" class=\"so-panel widget widget_sow-editor panel-last-child\" data-index=\"3\" ><div class=\"so-widget-sow-editor so-widget-sow-editor-base\"><h3 class=\"widget-title\">Estiu<\/h3>\n<div class=\"siteorigin-widget-tinymce textwidget\">\n\t<p>21 de Juny Solstici d'Estiu<br \/>\n23 de Juny Revetlla de Sant Joan<br \/>\n2 d'Agost - Festa del Sol<br \/>\n11 d'Agost Sant Lloren\u00e7 \/ Pers\u00e9\u00efds<\/p>\n<\/div>\n<\/div><\/div><\/div><\/div><div id=\"pg-821-1\"  class=\"panel-grid panel-no-style\" ><div id=\"pgc-821-1-0\"  class=\"panel-grid-cell\" ><div id=\"panel-821-1-0-0\" class=\"so-panel widget widget_sow-image panel-first-child panel-last-child\" data-index=\"4\" ><div class=\"so-widget-sow-image so-widget-sow-image-default-d6014b76747a\">\n\n<div class=\"sow-image-container\">\n\t<img loading=\"lazy\" decoding=\"async\" src=\"https:\/\/llangardaix.gg02echo.net\/llangardaix\/serenalla\/wp-content\/uploads\/2019\/06\/35922671_1962543643776055_6841323427203121152_n.jpg\" width=\"525\" height=\"424\" srcset=\"https:\/\/llangardaix.gg02echo.net\/llangardaix\/serenalla\/wp-content\/uploads\/2019\/06\/35922671_1962543643776055_6841323427203121152_n.jpg 525w, https:\/\/llangardaix.gg02echo.net\/llangardaix\/serenalla\/wp-content\/uploads\/2019\/06\/35922671_1962543643776055_6841323427203121152_n-300x242.jpg 300w, https:\/\/llangardaix.gg02echo.net\/llangardaix\/serenalla\/wp-content\/uploads\/2019\/06\/35922671_1962543643776055_6841323427203121152_n-433x350.jpg 433w, https:\/\/llangardaix.gg02echo.net\/llangardaix\/serenalla\/wp-content\/uploads\/2019\/06\/35922671_1962543643776055_6841323427203121152_n-150x121.jpg 150w\" sizes=\"(max-width: 525px) 100vw, 525px\" alt=\"Les Saisons, Solstices et \u00c9quinoxes par Eug\u00e8ne Cortambert Domaine Public\" \t\tclass=\"so-widget-image\"\/>\n<\/div>\n\n<\/div><\/div><\/div><div id=\"pgc-821-1-1\"  class=\"panel-grid-cell\" ><div id=\"panel-821-1-1-0\" class=\"so-panel widget widget_sow-image panel-first-child panel-last-child\" data-index=\"5\" ><div class=\"so-widget-sow-image so-widget-sow-image-default-d6014b76747a\">\n\n<div class=\"sow-image-container\">\n\t<img loading=\"lazy\" decoding=\"async\" src=\"https:\/\/llangardaix.gg02echo.net\/llangardaix\/serenalla\/wp-content\/uploads\/2019\/06\/35882501_1966365693393850_1338629748682653696_o.jpg\" width=\"1280\" height=\"1147\" srcset=\"https:\/\/llangardaix.gg02echo.net\/llangardaix\/serenalla\/wp-content\/uploads\/2019\/06\/35882501_1966365693393850_1338629748682653696_o.jpg 1280w, https:\/\/llangardaix.gg02echo.net\/llangardaix\/serenalla\/wp-content\/uploads\/2019\/06\/35882501_1966365693393850_1338629748682653696_o-300x269.jpg 300w, https:\/\/llangardaix.gg02echo.net\/llangardaix\/serenalla\/wp-content\/uploads\/2019\/06\/35882501_1966365693393850_1338629748682653696_o-768x688.jpg 768w, https:\/\/llangardaix.gg02echo.net\/llangardaix\/serenalla\/wp-content\/uploads\/2019\/06\/35882501_1966365693393850_1338629748682653696_o-1024x918.jpg 1024w, https:\/\/llangardaix.gg02echo.net\/llangardaix\/serenalla\/wp-content\/uploads\/2019\/06\/35882501_1966365693393850_1338629748682653696_o-391x350.jpg 391w, https:\/\/llangardaix.gg02echo.net\/llangardaix\/serenalla\/wp-content\/uploads\/2019\/06\/35882501_1966365693393850_1338629748682653696_o-150x134.jpg 150w\" sizes=\"(max-width: 1280px) 100vw, 1280px\" alt=\"Festa de Sant Joan\" \t\tclass=\"so-widget-image\"\/>\n<\/div>\n\n<\/div><\/div><\/div><div id=\"pgc-821-1-2\"  class=\"panel-grid-cell\" ><div id=\"panel-821-1-2-0\" class=\"so-panel widget widget_sow-image panel-first-child panel-last-child\" data-index=\"6\" ><div class=\"so-widget-sow-image so-widget-sow-image-default-d6014b76747a\">\n\n<div class=\"sow-image-container\">\n\t<img loading=\"lazy\" decoding=\"async\" src=\"https:\/\/llangardaix.gg02echo.net\/llangardaix\/serenalla\/wp-content\/uploads\/2019\/06\/soleil.png\" width=\"340\" height=\"323\" srcset=\"https:\/\/llangardaix.gg02echo.net\/llangardaix\/serenalla\/wp-content\/uploads\/2019\/06\/soleil.png 340w, https:\/\/llangardaix.gg02echo.net\/llangardaix\/serenalla\/wp-content\/uploads\/2019\/06\/soleil-300x285.png 300w, https:\/\/llangardaix.gg02echo.net\/llangardaix\/serenalla\/wp-content\/uploads\/2019\/06\/soleil-150x143.png 150w\" sizes=\"(max-width: 340px) 100vw, 340px\" alt=\"sun sol soleil\" \t\tclass=\"so-widget-image\"\/>\n<\/div>\n\n<\/div><\/div><\/div><\/div><\/div>","protected":false},"excerpt":{"rendered":"<p>31 d&#8217;Octubre (lluna plena d&#8217;octubre) Sam&#8217;ha\u00efn (nou any c\u00e8ltic, Halloween) 1 de Novembre Tots Sants, Festa de la Mort 13 de Desembre &#8211; Santa Ll\u00facia, festa de la llum 20 de Desembre &#8211; Solstici d&#8217;hivern 6 de Gener &#8211; Reigs magos\/ epif\u00e0nia 21 d&#8217;Abril &#8211; Equinocci de Primavera 21 de&#8230; <a class=\"continue-reading-link\" href=\"https:\/\/llangardaix.gg02echo.net\/llangardaix\/serenalla\/?page_id=821\">Llegir m\u00e9s&#8230;<\/a><\/p>\n","protected":false},"author":1,"featured_media":0,"parent":642,"menu_order":0,"comment_status":"closed","ping_status":"closed","template":"","meta":{"footnotes":""},"_links":{"self":[{"href":"https:\/\/llangardaix.gg02echo.net\/llangardaix\/serenalla\/index.php?rest_route=\/wp\/v2\/pages\/821"}],"collection":[{"href":"https:\/\/llangardaix.gg02echo.net\/llangardaix\/serenalla\/index.php?rest_route=\/wp\/v2\/pages"}],"about":[{"href":"https:\/\/llangardaix.gg02echo.net\/llangardaix\/serenalla\/index.php?rest_route=\/wp\/v2\/types\/page"}],"author":[{"embeddable":true,"href":"https:\/\/llangardaix.gg02echo.net\/llangardaix\/serenalla\/index.php?rest_route=\/wp\/v2\/users\/1"}],"replies":[{"embeddable":true,"href":"https:\/\/llangardaix.gg02echo.net\/llangardaix\/serenalla\/index.php?rest_route=%2Fwp%2Fv2%2Fcomments&post=821"}],"version-history":[{"count":9,"href":"https:\/\/llangardaix.gg02echo.net\/llangardaix\/serenalla\/index.php?rest_route=\/wp\/v2\/pages\/821\/revisions"}],"predecessor-version":[{"id":836,"href":"https:\/\/llangardaix.gg02echo.net\/llangardaix\/serenalla\/index.php?rest_route=\/wp\/v2\/pages\/821\/revisions\/836"}],"up":[{"embeddable":true,"href":"https:\/\/llangardaix.gg02echo.net\/llangardaix\/serenalla\/index.php?rest_route=\/wp\/v2\/pages\/642"}],"wp:attachment":[{"href":"https:\/\/llangardaix.gg02echo.net\/llangardaix\/serenalla\/index.php?rest_route=%2Fwp%2Fv2%2Fmedia&parent=821"}],"curies":[{"name":"wp","href":"https:\/\/api.w.org\/{rel}","templated":true}]}}